{"id":92,"date":"2023-12-04T19:06:21","date_gmt":"2023-12-04T18:06:21","guid":{"rendered":"https:\/\/salondugourmet.fr\/?page_id=92"},"modified":"2025-11-03T21:38:41","modified_gmt":"2025-11-03T20:38:41","slug":"chalenge","status":"publish","type":"page","link":"https:\/\/salondugourmet.fr\/index.php\/chalenge\/","title":{"rendered":"Challenge"},"content":{"rendered":"\t\t<div data-elementor-type=\"wp-page\" data-elementor-id=\"92\" class=\"elementor elementor-92\" data-elementor-post-type=\"page\">\n\t\t\t\t\t\t<section class=\"elementor-section elementor-top-section elementor-element elementor-element-609e518 elementor-section-boxed elementor-section-height-default elementor-section-height-default\" data-id=\"609e518\" data-element_type=\"section\" data-e-type=\"section\">\n\t\t\t\t\t\t<div class=\"elementor-container elementor-column-gap-default\">\n\t\t\t\t\t<div class=\"elementor-column elementor-col-100 elementor-top-column elementor-element elementor-element-c12968e\" data-id=\"c12968e\" data-element_type=\"column\" data-e-type=\"column\">\n\t\t\t<div class=\"elementor-widget-wrap elementor-element-populated\">\n\t\t\t\t\t\t<div class=\"elementor-element elementor-element-96b9815 elementor-widget elementor-widget-heading\" data-id=\"96b9815\" data-element_type=\"widget\" data-e-type=\"widget\" data-widget_type=\"heading.default\">\n\t\t\t\t\t<h1 class=\"elementor-heading-title elementor-size-default\">LE CHALLENGE<\/h1>\t\t\t\t<\/div>\n\t\t\t\t<div class=\"elementor-element elementor-element-5ad3158 elementor-widget elementor-widget-image\" data-id=\"5ad3158\" data-element_type=\"widget\" data-e-type=\"widget\" data-widget_type=\"image.default\">\n\t\t\t\t\t\t\t\t\t\t\t\t\t\t\t<img fetchpriority=\"high\" decoding=\"async\" width=\"768\" height=\"512\" src=\"https:\/\/salondugourmet.fr\/wp-content\/uploads\/2023\/09\/Challenge-768x512.jpg\" class=\"attachment-medium_large size-medium_large wp-image-218\" alt=\"Challenge\" srcset=\"https:\/\/salondugourmet.fr\/wp-content\/uploads\/2023\/09\/Challenge-768x512.jpg 768w, https:\/\/salondugourmet.fr\/wp-content\/uploads\/2023\/09\/Challenge-300x200.jpg 300w, https:\/\/salondugourmet.fr\/wp-content\/uploads\/2023\/09\/Challenge-1024x683.jpg 1024w, https:\/\/salondugourmet.fr\/wp-content\/uploads\/2023\/09\/Challenge-1536x1024.jpg 1536w, https:\/\/salondugourmet.fr\/wp-content\/uploads\/2023\/09\/Challenge.jpg 1555w\" sizes=\"(max-width: 768px) 100vw, 768px\" \/>\t\t\t\t\t\t\t\t\t\t\t\t\t\t\t<\/div>\n\t\t\t\t<div class=\"elementor-element elementor-element-aace69f elementor-widget elementor-widget-text-editor\" data-id=\"aace69f\" data-element_type=\"widget\" data-e-type=\"widget\" data-widget_type=\"text-editor.default\">\n\t\t\t\t\t\t\t\t\t<p>Pendant le salon, un challenge est organis\u00e9 en m\u00e9moire de notre pr\u00e9sident co-fondateur qui nous a quitt\u00e9s au moment des f\u00eates de fin d&rsquo;ann\u00e9e,<\/p><p style=\"text-align: center;\"><span class=\"auto-style2\"> <strong>CHALLENGE PATRICK GAGNARD<\/strong><\/span><\/p><p>Il \u00e9tait un excellent p\u00e2tissier chocolatier que nous regrettons tous vivement. <br \/>Il aura lieu le dimanche apr\u00e8s midi en direct de 13h30 \u00e0 16h00.<br \/>Les prix seront remis vers 17h00 par plusieurs MOF (Meilleurs Ouvriers de France).<\/p>\t\t\t\t\t\t\t\t<\/div>\n\t\t\t\t\t<\/div>\n\t\t<\/div>\n\t\t\t\t\t<\/div>\n\t\t<\/section>\n\t\t<div class=\"elementor-element elementor-element-92ae977 e-flex e-con-boxed e-con e-parent\" data-id=\"92ae977\" data-element_type=\"container\" data-e-type=\"container\">\n\t\t\t\t\t<div class=\"e-con-inner\">\n\t\t\t\t<div class=\"elementor-element elementor-element-6760230 elementor-align-center elementor-widget elementor-widget-button\" data-id=\"6760230\" data-element_type=\"widget\" data-e-type=\"widget\" data-widget_type=\"button.default\">\n\t\t\t\t\t\t\t\t\t\t<a class=\"elementor-button elementor-button-link elementor-size-sm\" href=\"https:\/\/salondugourmet.fr\/index.php\/chalenge\/challenge-2024\/\">\n\t\t\t\t\t\t<span class=\"elementor-button-content-wrapper\">\n\t\t\t\t\t\t\t\t\t<span class=\"elementor-button-text\">Challenge 2024<\/span>\n\t\t\t\t\t<\/span>\n\t\t\t\t\t<\/a>\n\t\t\t\t\t\t\t\t<\/div>\n\t\t\t\t<div class=\"elementor-element elementor-element-91c2d5a elementor-align-center elementor-widget elementor-widget-button\" data-id=\"91c2d5a\" data-element_type=\"widget\" data-e-type=\"widget\" data-widget_type=\"button.default\">\n\t\t\t\t\t\t\t\t\t\t<a class=\"elementor-button elementor-button-link elementor-size-sm\" href=\"https:\/\/salondugourmet.fr\/index.php\/challenge-2023\/\">\n\t\t\t\t\t\t<span class=\"elementor-button-content-wrapper\">\n\t\t\t\t\t\t\t\t\t<span class=\"elementor-button-text\">Challenge 2023<\/span>\n\t\t\t\t\t<\/span>\n\t\t\t\t\t<\/a>\n\t\t\t\t\t\t\t\t<\/div>\n\t\t\t\t\t<\/div>\n\t\t\t\t<\/div>\n\t\t\t\t<\/div>\n\t\t","protected":false},"excerpt":{"rendered":"<p>LE CHALLENGE Pendant le salon, un challenge est organis\u00e9 en m\u00e9moire de notre pr\u00e9sident co-fondateur qui nous a quitt\u00e9s au moment des f\u00eates de fin d&rsquo;ann\u00e9e, CHALLENGE PATRICK GAGNARD Il \u00e9tait un excellent p\u00e2tissier chocolatier que nous regrettons tous vivement. Il aura lieu le dimanche apr\u00e8s midi en direct de 13h30 \u00e0 16h00.Les prix seront &#8230; <a title=\"Challenge\" class=\"read-more\" href=\"https:\/\/salondugourmet.fr\/index.php\/chalenge\/\" aria-label=\"Plus sur Challenge\">Lire plus<\/a><\/p>\n","protected":false},"author":1,"featured_media":0,"parent":0,"menu_order":0,"comment_status":"closed","ping_status":"closed","template":"","meta":{"footnotes":""},"class_list":["post-92","page","type-page","status-publish"],"_links":{"self":[{"href":"https:\/\/salondugourmet.fr\/index.php\/wp-json\/wp\/v2\/pages\/92","targetHints":{"allow":["GET"]}}],"collection":[{"href":"https:\/\/salondugourmet.fr\/index.php\/wp-json\/wp\/v2\/pages"}],"about":[{"href":"https:\/\/salondugourmet.fr\/index.php\/wp-json\/wp\/v2\/types\/page"}],"author":[{"embeddable":true,"href":"https:\/\/salondugourmet.fr\/index.php\/wp-json\/wp\/v2\/users\/1"}],"replies":[{"embeddable":true,"href":"https:\/\/salondugourmet.fr\/index.php\/wp-json\/wp\/v2\/comments?post=92"}],"version-history":[{"count":40,"href":"https:\/\/salondugourmet.fr\/index.php\/wp-json\/wp\/v2\/pages\/92\/revisions"}],"predecessor-version":[{"id":1738,"href":"https:\/\/salondugourmet.fr\/index.php\/wp-json\/wp\/v2\/pages\/92\/revisions\/1738"}],"wp:attachment":[{"href":"https:\/\/salondugourmet.fr\/index.php\/wp-json\/wp\/v2\/media?parent=92"}],"curies":[{"name":"wp","href":"https:\/\/api.w.org\/{rel}","templated":true}]}}